{"id":8893,"date":"2024-10-16T13:53:31","date_gmt":"2024-10-16T11:53:31","guid":{"rendered":"https:\/\/aboveit.fi\/evento-de-networking-afterwork-para-responsables-de-ti\/"},"modified":"2025-11-27T14:02:13","modified_gmt":"2025-11-27T12:02:13","slug":"evento-de-networking-afterwork-para-responsables-de-ti","status":"publish","type":"page","link":"https:\/\/aboveit.fi\/es\/evento-de-networking-afterwork-para-responsables-de-ti\/","title":{"rendered":"Evento de networking Afterwork para responsables de TI"},"content":{"rendered":"\t\t<div data-elementor-type=\"wp-page\" data-elementor-id=\"8893\" class=\"elementor elementor-8893 elementor-2972\" data-elementor-post-type=\"page\">\n\t\t\t\t\t\t<section class=\"elementor-section elementor-top-section elementor-element elementor-element-b701054 elementor-section-boxed elementor-section-height-default elementor-section-height-default\" data-id=\"b701054\" data-element_type=\"section\" data-e-type=\"section\">\n\t\t\t\t\t\t<div class=\"elementor-container elementor-column-gap-default\">\n\t\t\t\t\t<div class=\"elementor-column elementor-col-50 elementor-top-column elementor-element elementor-element-09267f5 elementor-invisible\" data-id=\"09267f5\" data-element_type=\"column\" data-e-type=\"column\" data-settings=\"{&quot;background_background&quot;:&quot;classic&quot;,&quot;animation&quot;:&quot;fadeInLeft&quot;}\">\n\t\t\t<div class=\"elementor-widget-wrap elementor-element-populated\">\n\t\t\t\t\t<div class=\"elementor-background-overlay\"><\/div>\n\t\t\t\t\t\t<div class=\"elementor-element elementor-element-fc68128 animated-slow elementor-invisible elementor-widget elementor-widget-text-editor\" data-id=\"fc68128\" data-element_type=\"widget\" data-e-type=\"widget\" data-settings=\"{&quot;_animation&quot;:&quot;fadeInUp&quot;}\" data-widget_type=\"text-editor.default\">\n\t\t\t\t<div class=\"elementor-widget-container\">\n\t\t\t\t\t\t\t\t\tEl sector tecnol\u00f3gico vive una transformaci\u00f3n con el desarrollo de la inteligencia artificial. \u00bfC\u00f3mo se pueden adaptar la ciberseguridad y la protecci\u00f3n de datos a este desarrollo? \t\t\t\t\t\t\t\t<\/div>\n\t\t\t\t<\/div>\n\t\t\t\t\t<\/div>\n\t\t<\/div>\n\t\t\t\t<div class=\"elementor-column elementor-col-50 elementor-top-column elementor-element elementor-element-e954f23 elementor-invisible\" data-id=\"e954f23\" data-element_type=\"column\" data-e-type=\"column\" data-settings=\"{&quot;animation&quot;:&quot;fadeInRight&quot;}\">\n\t\t\t<div class=\"elementor-widget-wrap elementor-element-populated\">\n\t\t\t\t\t\t<div class=\"elementor-element elementor-element-57aee08 elementor-widget elementor-widget-text-editor\" data-id=\"57aee08\" data-element_type=\"widget\" data-e-type=\"widget\" data-widget_type=\"text-editor.default\">\n\t\t\t\t<div class=\"elementor-widget-container\">\n\t\t\t\t\t\t\t\t\tAbove IT agradece a los invitados y socios colaboradores por el exitoso evento. \u00a1El pr\u00f3ximo a\u00f1o repetimos! \t\t\t\t\t\t\t\t<\/div>\n\t\t\t\t<\/div>\n\t\t\t\t<div class=\"elementor-element elementor-element-17b50b5 elementor-widget elementor-widget-heading\" data-id=\"17b50b5\" data-element_type=\"widget\" data-e-type=\"widget\" data-widget_type=\"heading.default\">\n\t\t\t\t<div class=\"elementor-widget-container\">\n\t\t\t\t\t<h2 class=\"elementor-heading-title elementor-size-default\">Afterwork y networking<\/h2>\t\t\t\t<\/div>\n\t\t\t\t<\/div>\n\t\t\t\t<div class=\"elementor-element elementor-element-e1db514 elementor-widget elementor-widget-text-editor\" data-id=\"e1db514\" data-element_type=\"widget\" data-e-type=\"widget\" data-widget_type=\"text-editor.default\">\n\t\t\t\t<div class=\"elementor-widget-container\">\n\t\t\t\t\t\t\t\t\t\u00a1Evento de networking Afterwork organizado por Above IT para los responsables de TI, bienvenidos cordialmente!\n\nEn el evento, intervenciones muy interesantes y actuales en materia de ciberseguridad y protecci\u00f3n de datos, as\u00ed como las \u00faltimas noticias sobre Microsoft Copilot. El evento ofrece la oportunidad de conversar y establecer contactos con otros directivos de TI en un ambiente distendido. Las plazas son limitadas, as\u00ed que reserve su plaza inmediatamente. Recuerde tambi\u00e9n incluir tarjetas de visita adicionales para el evento en su pedido. \n\nSe ofrecer\u00e1 aperitivo y bebidas. Las instalaciones son tambi\u00e9n adecuadas para personas con movilidad reducida. Las presentaciones no se grabar\u00e1n, por lo que solo con su presencia asegurar\u00e1 obtener informaci\u00f3n actualizada sobre Copilot, ciberseguridad y protecci\u00f3n de datos. El evento es gratuito.   \t\t\t\t\t\t\t\t<\/div>\n\t\t\t\t<\/div>\n\t\t\t\t\t<\/div>\n\t\t<\/div>\n\t\t\t\t\t<\/div>\n\t\t<\/section>\n\t\t\t\t<section class=\"elementor-section elementor-top-section elementor-element elementor-element-c87c85e elementor-section-boxed elementor-section-height-default elementor-section-height-default\" data-id=\"c87c85e\" data-element_type=\"section\" data-e-type=\"section\">\n\t\t\t\t\t\t<div class=\"elementor-container elementor-column-gap-default\">\n\t\t\t\t\t<div class=\"elementor-column elementor-col-100 elementor-top-column elementor-element elementor-element-52e3fad\" data-id=\"52e3fad\" data-element_type=\"column\" data-e-type=\"column\">\n\t\t\t<div class=\"elementor-widget-wrap elementor-element-populated\">\n\t\t\t\t\t\t<div class=\"elementor-element elementor-element-b6c1f41 elementor-view-default elementor-widget elementor-widget-icon\" data-id=\"b6c1f41\" data-element_type=\"widget\" data-e-type=\"widget\" data-widget_type=\"icon.default\">\n\t\t\t\t<div class=\"elementor-widget-container\">\n\t\t\t\t\t\t\t<div class=\"elementor-icon-wrapper\">\n\t\t\t<div class=\"elementor-icon\">\n\t\t\t<i aria-hidden=\"true\" class=\"far fa-handshake\"><\/i>\t\t\t<\/div>\n\t\t<\/div>\n\t\t\t\t\t\t<\/div>\n\t\t\t\t<\/div>\n\t\t\t\t<div class=\"elementor-element elementor-element-579c37c elementor-widget elementor-widget-heading\" data-id=\"579c37c\" data-element_type=\"widget\" data-e-type=\"widget\" data-widget_type=\"heading.default\">\n\t\t\t\t<div class=\"elementor-widget-container\">\n\t\t\t\t\t<h2 class=\"elementor-heading-title elementor-size-default\">\n\u00bfQu\u00e9, d\u00f3nde y cu\u00e1ndo?<\/h2>\t\t\t\t<\/div>\n\t\t\t\t<\/div>\n\t\t\t\t<div class=\"elementor-element elementor-element-e705b8a elementor-widget elementor-widget-text-editor\" data-id=\"e705b8a\" data-element_type=\"widget\" data-e-type=\"widget\" data-widget_type=\"text-editor.default\">\n\t\t\t\t<div class=\"elementor-widget-container\">\n\t\t\t\t\t\t\t\t\t<p><strong>Qu\u00e9:<\/strong> Evento afterwork de networking para responsables de sistemas de informaci\u00f3n, con tema sobre inteligencia artificial, ciberseguridad y protecci\u00f3n de datos<br><strong>D\u00f3nde:<\/strong> Restaurante Faro, Kellosaarenranta 2, 00180 Helsinki | <a href=\"https:\/\/faroravintola.fi\/\">Restaurante Faro<\/a><br><strong>Cu\u00e1ndo:<\/strong> Jueves 3.10.2024 a partir de las 15:00 (la parte oficial del evento aproximadamente 2h)<br><strong>Qui\u00e9nes:<\/strong> Above IT \u2013 Microsoft \u2013 Cisco \u2013 Digiturvamalli (Agendium) \u2013 Avepoint<\/p>\t\t\t\t\t\t\t\t<\/div>\n\t\t\t\t<\/div>\n\t\t\t\t\t<\/div>\n\t\t<\/div>\n\t\t\t\t\t<\/div>\n\t\t<\/section>\n\t\t\t\t<section class=\"elementor-section elementor-top-section elementor-element elementor-element-af56e65 elementor-section-boxed elementor-section-height-default elementor-section-height-default\" data-id=\"af56e65\" data-element_type=\"section\" data-e-type=\"section\">\n\t\t\t\t\t\t<div class=\"elementor-container elementor-column-gap-default\">\n\t\t\t\t\t<div class=\"elementor-column elementor-col-100 elementor-top-column elementor-element elementor-element-fd4a04a\" data-id=\"fd4a04a\" data-element_type=\"column\" data-e-type=\"column\">\n\t\t\t<div class=\"elementor-widget-wrap elementor-element-populated\">\n\t\t\t\t\t\t<div class=\"elementor-element elementor-element-c4e9f2b elementor-view-default elementor-widget elementor-widget-icon\" data-id=\"c4e9f2b\" data-element_type=\"widget\" data-e-type=\"widget\" data-widget_type=\"icon.default\">\n\t\t\t\t<div class=\"elementor-widget-container\">\n\t\t\t\t\t\t\t<div class=\"elementor-icon-wrapper\">\n\t\t\t<div class=\"elementor-icon\">\n\t\t\t<i aria-hidden=\"true\" class=\"far fa-newspaper\"><\/i>\t\t\t<\/div>\n\t\t<\/div>\n\t\t\t\t\t\t<\/div>\n\t\t\t\t<\/div>\n\t\t\t\t<div class=\"elementor-element elementor-element-8690978 elementor-widget elementor-widget-heading\" data-id=\"8690978\" data-element_type=\"widget\" data-e-type=\"widget\" data-widget_type=\"heading.default\">\n\t\t\t\t<div class=\"elementor-widget-container\">\n\t\t\t\t\t<h2 class=\"elementor-heading-title elementor-size-default\">Programa<\/h2>\t\t\t\t<\/div>\n\t\t\t\t<\/div>\n\t\t\t\t<div class=\"elementor-element elementor-element-da2f63c elementor-widget elementor-widget-text-editor\" data-id=\"da2f63c\" data-element_type=\"widget\" data-e-type=\"widget\" data-widget_type=\"text-editor.default\">\n\t\t\t\t<div class=\"elementor-widget-container\">\n\t\t\t\t\t\t\t\t\t<div class=\"section-wrapper\" data-id=\"Wj4xfb\">\n<section class=\"wp-block-gutenverse-section guten-element guten-section guten-Wj4xfb layout-boxed align-stretch\">\n<div class=\"guten-container guten-column-gap-default\">\n<div class=\"wp-block-gutenverse-column guten-element guten-column guten-z9yWcr\">\n<div class=\"guten-column-wrapper\" data-id=\"z9yWcr\">\n<p class=\"has-text-align-left\"><strong>14:30 &#8211; 15:00<\/strong><\/p>\n<ul class=\"wp-block-list\">\n<li>Apertura de puertas<\/li>\n<li>C\u00f3cteles de bienvenida<\/li>\n<\/ul>\n<\/div>\n<\/div>\n<\/div>\n<\/section>\n<\/div>\n<div class=\"section-wrapper\" data-id=\"tvJXgH\">\n<section class=\"wp-block-gutenverse-section guten-element guten-section guten-tvJXgH layout-boxed align-stretch\">\n<div class=\"guten-container guten-column-gap-default\">\n<div class=\"wp-block-gutenverse-column guten-element guten-column guten-NUvlHj\">\n<div class=\"guten-column-wrapper\" data-id=\"NUvlHj\">\n<p class=\"has-text-align-left\"><strong>Hora<\/strong> <strong>15:00 \u2013 17:00<\/strong><\/p>\n<ul class=\"wp-block-list\">\n<li>Apertura del evento \u2013 Juha Kari \/ Above IT<\/li>\n<li>Caso de estudio Digiturvamalli: Above IT &amp; trayecto NIS2 \u2013 Agendium Mikko Virta &amp; Above IT Mika Hakkarainen<\/li>\n<li>El futuro de la ciberseguridad \u2013 Por qu\u00e9 la propia organizaci\u00f3n constituye su mayor amenaza de ciberseguridad \u2013 Marko Haarala \/ Cisco<\/li>\n<li>Copilot y protecci\u00f3n de datos \u2013 Mikael P\u00e4iv\u00e4rinta \/ Microsoft<\/li>\n<li>Protecci\u00f3n de datos de Microsoft 365 desde la perspectiva de la gesti\u00f3n de riesgos de TI \u2013 Lisa Hedlund \/ Avepoint<\/li>\n<li>Caso de estudio: Protecci\u00f3n de datos del entorno Microsoft 365 &amp; Copilot \u2013 Petri Kejonen \/ Ciudad de Imatra<\/li>\n<\/ul>\n<\/div>\n<\/div>\n<\/div>\n<\/section>\n<\/div>\n<div class=\"section-wrapper\" data-id=\"p2mLkS\">\n<section class=\"wp-block-gutenverse-section guten-element guten-section guten-p2mLkS layout-boxed align-stretch\">\n<div class=\"guten-container guten-column-gap-default\">\n<div class=\"wp-block-gutenverse-column guten-element guten-column guten-8pTuX4\">\n<div class=\"guten-column-wrapper\" data-id=\"8pTuX4\">\n<p class=\"has-text-align-left\"><strong>Hora 17:00 \u2013 19:00<\/strong><\/p>\n<ul class=\"wp-block-list\">\n<li>Conversaci\u00f3n libre y networking<\/li>\n<li>Fin del evento<\/li>\n<\/ul>\n<\/div>\n<\/div>\n<\/div>\n<\/section>\n<\/div>\t\t\t\t\t\t\t\t<\/div>\n\t\t\t\t<\/div>\n\t\t\t\t\t<\/div>\n\t\t<\/div>\n\t\t\t\t\t<\/div>\n\t\t<\/section>\n\t\t\t\t<section class=\"elementor-section elementor-top-section elementor-element elementor-element-668d89f elementor-section-boxed elementor-section-height-default elementor-section-height-default\" data-id=\"668d89f\" data-element_type=\"section\" data-e-type=\"section\">\n\t\t\t\t\t\t<div class=\"elementor-container elementor-column-gap-default\">\n\t\t\t\t\t<div class=\"elementor-column elementor-col-100 elementor-top-column elementor-element elementor-element-5cef1e0\" data-id=\"5cef1e0\" data-element_type=\"column\" data-e-type=\"column\">\n\t\t\t<div class=\"elementor-widget-wrap elementor-element-populated\">\n\t\t\t\t\t\t<div class=\"elementor-element elementor-element-c9a9c87 elementor-widget elementor-widget-heading\" data-id=\"c9a9c87\" data-element_type=\"widget\" data-e-type=\"widget\" data-widget_type=\"heading.default\">\n\t\t\t\t<div class=\"elementor-widget-container\">\n\t\t\t\t\t<h2 class=\"elementor-heading-title elementor-size-default\">En el evento como ponentes socios externos<\/h2>\t\t\t\t<\/div>\n\t\t\t\t<\/div>\n\t\t\t\t\t<\/div>\n\t\t<\/div>\n\t\t\t\t\t<\/div>\n\t\t<\/section>\n\t\t\t\t<section class=\"elementor-section elementor-top-section elementor-element elementor-element-61d1e51 elementor-hidden-mobile elementor-section-boxed elementor-section-height-default elementor-section-height-default elementor-invisible\" data-id=\"61d1e51\" data-element_type=\"section\" data-e-type=\"section\" data-settings=\"{&quot;animation&quot;:&quot;fadeInUp&quot;}\">\n\t\t\t\t\t\t<div class=\"elementor-container elementor-column-gap-default\">\n\t\t\t\t\t<div class=\"elementor-column elementor-col-25 elementor-top-column elementor-element elementor-element-73292c1 elementor-invisible\" data-id=\"73292c1\" data-element_type=\"column\" data-e-type=\"column\" data-settings=\"{&quot;background_background&quot;:&quot;classic&quot;,&quot;animation&quot;:&quot;fadeInLeft&quot;}\">\n\t\t\t<div class=\"elementor-widget-wrap elementor-element-populated\">\n\t\t\t\t\t\t<div class=\"elementor-element elementor-element-9a36411 elementor-flip-box--effect-flip elementor-flip-box--direction-up elementor-widget elementor-widget-flip-box\" data-id=\"9a36411\" data-element_type=\"widget\" data-e-type=\"widget\" data-widget_type=\"flip-box.default\">\n\t\t\t\t<div class=\"elementor-widget-container\">\n\t\t\t\t\t\t\t<div class=\"elementor-flip-box\" tabindex=\"0\">\n\t\t\t<div class=\"elementor-flip-box__layer elementor-flip-box__front\">\n\t\t\t\t<div class=\"elementor-flip-box__layer__overlay\">\n\t\t\t\t\t<div class=\"elementor-flip-box__layer__inner\">\n\t\t\t\t\t\t\t\t\t\t\t\t\t<div class=\"elementor-icon-wrapper elementor-view-default\">\n\t\t\t\t\t\t\t\t<div class=\"elementor-icon\">\n\t\t\t\t\t\t\t\t\t\t\t\t\t\t\t\t\t<\/div>\n\t\t\t\t\t\t\t<\/div>\n\t\t\t\t\t\t\n\t\t\t\t\t\t\t\t\t\t\t\t\t<h3 class=\"elementor-flip-box__layer__title\">\n\t\t\t\t\t\t\t\t \t\t\t\t\t\t\t<\/h3>\n\t\t\t\t\t\t\n\t\t\t\t\t\t\t\t\t\t\t\t\t<div class=\"elementor-flip-box__layer__description\">\n\t\t\t\t\t\t\t\t \t\t\t\t\t\t\t<\/div>\n\t\t\t\t\t\t\t\t\t\t\t<\/div>\n\t\t\t\t<\/div>\n\t\t\t<\/div>\n\t\t\t<a class=\"elementor-flip-box__layer elementor-flip-box__back\" href=\"https:\/\/www.linkedin.com\/in\/mikkovirta\/\">\n\t\t\t<div class=\"elementor-flip-box__layer__overlay\">\n\t\t\t\t<div class=\"elementor-flip-box__layer__inner\">\n\t\t\t\t\t\t\t\t\t\t\t<h3 class=\"elementor-flip-box__layer__title\">\n\t\t\t\t\t\t\tMikko Virta Agendium\t\t\t\t\t\t<\/h3>\n\t\t\t\t\t\n\t\t\t\t\t\t\t\t\t\t\t<div class=\"elementor-flip-box__layer__description\">\n\t\t\t\t\t\t\tCyber Security Solution Manager\t\t\t\t\t\t<\/div>\n\t\t\t\t\t\n\t\t\t\t\t\t\t\t<\/div>\n\t\t<\/div>\n\t\t<\/a>\n\t\t<\/div>\n\t\t\t\t\t\t<\/div>\n\t\t\t\t<\/div>\n\t\t\t\t\t<\/div>\n\t\t<\/div>\n\t\t\t\t<div class=\"elementor-column elementor-col-25 elementor-top-column elementor-element elementor-element-9fb850e elementor-invisible\" data-id=\"9fb850e\" data-element_type=\"column\" data-e-type=\"column\" data-settings=\"{&quot;background_background&quot;:&quot;classic&quot;,&quot;animation&quot;:&quot;fadeInUp&quot;,&quot;animation_delay&quot;:1000}\">\n\t\t\t<div class=\"elementor-widget-wrap elementor-element-populated\">\n\t\t\t\t\t\t<div class=\"elementor-element elementor-element-1de4963 elementor-flip-box--effect-flip elementor-flip-box--direction-up elementor-widget elementor-widget-flip-box\" data-id=\"1de4963\" data-element_type=\"widget\" data-e-type=\"widget\" data-widget_type=\"flip-box.default\">\n\t\t\t\t<div class=\"elementor-widget-container\">\n\t\t\t\t\t\t\t<div class=\"elementor-flip-box\" tabindex=\"0\">\n\t\t\t<div class=\"elementor-flip-box__layer elementor-flip-box__front\">\n\t\t\t\t<div class=\"elementor-flip-box__layer__overlay\">\n\t\t\t\t\t<div class=\"elementor-flip-box__layer__inner\">\n\t\t\t\t\t\t\t\t\t\t\t\t\t<div class=\"elementor-icon-wrapper elementor-view-default\">\n\t\t\t\t\t\t\t\t<div class=\"elementor-icon\">\n\t\t\t\t\t\t\t\t\t\t\t\t\t\t\t\t\t<\/div>\n\t\t\t\t\t\t\t<\/div>\n\t\t\t\t\t\t\n\t\t\t\t\t\t\t\t\t\t\t\t\t<h3 class=\"elementor-flip-box__layer__title\">\n\t\t\t\t\t\t\t\t \t\t\t\t\t\t\t<\/h3>\n\t\t\t\t\t\t\n\t\t\t\t\t\t\t\t\t\t\t\t\t<div class=\"elementor-flip-box__layer__description\">\n\t\t\t\t\t\t\t\t \t\t\t\t\t\t\t<\/div>\n\t\t\t\t\t\t\t\t\t\t\t<\/div>\n\t\t\t\t<\/div>\n\t\t\t<\/div>\n\t\t\t<a class=\"elementor-flip-box__layer elementor-flip-box__back\" href=\"https:\/\/www.linkedin.com\/in\/mhaarala\/\">\n\t\t\t<div class=\"elementor-flip-box__layer__overlay\">\n\t\t\t\t<div class=\"elementor-flip-box__layer__inner\">\n\t\t\t\t\t\t\t\t\t\t\t<h3 class=\"elementor-flip-box__layer__title\">\n\t\t\t\t\t\t\tMarko Haarala Cisco\t\t\t\t\t\t<\/h3>\n\t\t\t\t\t\n\t\t\t\t\t\t\t\t\t\t\t<div class=\"elementor-flip-box__layer__description\">\n\t\t\t\t\t\t\tSecurity Lead Finland &amp; Baltic's\t\t\t\t\t\t<\/div>\n\t\t\t\t\t\n\t\t\t\t\t\t\t\t<\/div>\n\t\t<\/div>\n\t\t<\/a>\n\t\t<\/div>\n\t\t\t\t\t\t<\/div>\n\t\t\t\t<\/div>\n\t\t\t\t\t<\/div>\n\t\t<\/div>\n\t\t\t\t<div class=\"elementor-column elementor-col-25 elementor-top-column elementor-element elementor-element-b9e0a47 elementor-invisible\" data-id=\"b9e0a47\" data-element_type=\"column\" data-e-type=\"column\" data-settings=\"{&quot;background_background&quot;:&quot;classic&quot;,&quot;animation&quot;:&quot;fadeInRight&quot;,&quot;animation_delay&quot;:1500}\">\n\t\t\t<div class=\"elementor-widget-wrap elementor-element-populated\">\n\t\t\t\t\t\t<div class=\"elementor-element elementor-element-fdb748b elementor-flip-box--effect-flip elementor-flip-box--direction-up elementor-widget elementor-widget-flip-box\" data-id=\"fdb748b\" data-element_type=\"widget\" data-e-type=\"widget\" data-widget_type=\"flip-box.default\">\n\t\t\t\t<div class=\"elementor-widget-container\">\n\t\t\t\t\t\t\t<div class=\"elementor-flip-box\" tabindex=\"0\">\n\t\t\t<div class=\"elementor-flip-box__layer elementor-flip-box__front\">\n\t\t\t\t<div class=\"elementor-flip-box__layer__overlay\">\n\t\t\t\t\t<div class=\"elementor-flip-box__layer__inner\">\n\t\t\t\t\t\t\t\t\t\t\t\t\t<div class=\"elementor-icon-wrapper elementor-view-default\">\n\t\t\t\t\t\t\t\t<div class=\"elementor-icon\">\n\t\t\t\t\t\t\t\t\t\t\t\t\t\t\t\t\t<\/div>\n\t\t\t\t\t\t\t<\/div>\n\t\t\t\t\t\t\n\t\t\t\t\t\t\t\t\t\t\t\t\t<h3 class=\"elementor-flip-box__layer__title\">\n\t\t\t\t\t\t\t\t \t\t\t\t\t\t\t<\/h3>\n\t\t\t\t\t\t\n\t\t\t\t\t\t\t\t\t\t\t\t\t<div class=\"elementor-flip-box__layer__description\">\n\t\t\t\t\t\t\t\t \t\t\t\t\t\t\t<\/div>\n\t\t\t\t\t\t\t\t\t\t\t<\/div>\n\t\t\t\t<\/div>\n\t\t\t<\/div>\n\t\t\t<a class=\"elementor-flip-box__layer elementor-flip-box__back\" href=\"https:\/\/www.linkedin.com\/in\/mikaelpaivarinta\/\">\n\t\t\t<div class=\"elementor-flip-box__layer__overlay\">\n\t\t\t\t<div class=\"elementor-flip-box__layer__inner\">\n\t\t\t\t\t\t\t\t\t\t\t<h3 class=\"elementor-flip-box__layer__title\">\n\t\t\t\t\t\t\tMikael P\u00e4iv\u00e4rinta Microsoft\t\t\t\t\t\t<\/h3>\n\t\t\t\t\t\n\t\t\t\t\t\t\t\t\t\t\t<div class=\"elementor-flip-box__layer__description\">\n\t\t\t\t\t\t\tBusiness Program Manager\t\t\t\t\t\t<\/div>\n\t\t\t\t\t\n\t\t\t\t\t\t\t\t<\/div>\n\t\t<\/div>\n\t\t<\/a>\n\t\t<\/div>\n\t\t\t\t\t\t<\/div>\n\t\t\t\t<\/div>\n\t\t\t\t\t<\/div>\n\t\t<\/div>\n\t\t\t\t<div class=\"elementor-column elementor-col-25 elementor-top-column elementor-element elementor-element-9fcf664 elementor-invisible\" data-id=\"9fcf664\" data-element_type=\"column\" data-e-type=\"column\" data-settings=\"{&quot;background_background&quot;:&quot;classic&quot;,&quot;animation&quot;:&quot;fadeInRight&quot;,&quot;animation_delay&quot;:1500}\">\n\t\t\t<div class=\"elementor-widget-wrap elementor-element-populated\">\n\t\t\t\t\t\t<div class=\"elementor-element elementor-element-2e224e2 elementor-flip-box--effect-flip elementor-flip-box--direction-up elementor-widget elementor-widget-flip-box\" data-id=\"2e224e2\" data-element_type=\"widget\" data-e-type=\"widget\" data-widget_type=\"flip-box.default\">\n\t\t\t\t<div class=\"elementor-widget-container\">\n\t\t\t\t\t\t\t<div class=\"elementor-flip-box\" tabindex=\"0\">\n\t\t\t<div class=\"elementor-flip-box__layer elementor-flip-box__front\">\n\t\t\t\t<div class=\"elementor-flip-box__layer__overlay\">\n\t\t\t\t\t<div class=\"elementor-flip-box__layer__inner\">\n\t\t\t\t\t\t\t\t\t\t\t\t\t<div class=\"elementor-icon-wrapper elementor-view-default\">\n\t\t\t\t\t\t\t\t<div class=\"elementor-icon\">\n\t\t\t\t\t\t\t\t\t\t\t\t\t\t\t\t\t<\/div>\n\t\t\t\t\t\t\t<\/div>\n\t\t\t\t\t\t\n\t\t\t\t\t\t\t\t\t\t\t\t\t<h3 class=\"elementor-flip-box__layer__title\">\n\t\t\t\t\t\t\t\t \t\t\t\t\t\t\t<\/h3>\n\t\t\t\t\t\t\n\t\t\t\t\t\t\t\t\t\t\t\t\t<div class=\"elementor-flip-box__layer__description\">\n\t\t\t\t\t\t\t\t \t\t\t\t\t\t\t<\/div>\n\t\t\t\t\t\t\t\t\t\t\t<\/div>\n\t\t\t\t<\/div>\n\t\t\t<\/div>\n\t\t\t<a class=\"elementor-flip-box__layer elementor-flip-box__back\" href=\"https:\/\/www.linkedin.com\/in\/lisamariahedlund\/\">\n\t\t\t<div class=\"elementor-flip-box__layer__overlay\">\n\t\t\t\t<div class=\"elementor-flip-box__layer__inner\">\n\t\t\t\t\t\t\t\t\t\t\t<h3 class=\"elementor-flip-box__layer__title\">\n\t\t\t\t\t\t\tLisa Hedlund Avepoint \t\t\t\t\t\t<\/h3>\n\t\t\t\t\t\n\t\t\t\t\t\t\t\t\t\t\t<div class=\"elementor-flip-box__layer__description\">\n\t\t\t\t\t\t\tChannel Manager\t\t\t\t\t\t<\/div>\n\t\t\t\t\t\n\t\t\t\t\t\t\t\t<\/div>\n\t\t<\/div>\n\t\t<\/a>\n\t\t<\/div>\n\t\t\t\t\t\t<\/div>\n\t\t\t\t<\/div>\n\t\t\t\t\t<\/div>\n\t\t<\/div>\n\t\t\t\t\t<\/div>\n\t\t<\/section>\n\t\t\t\t<section class=\"elementor-section elementor-top-section elementor-element elementor-element-bcb04a3 elementor-section-boxed elementor-section-height-default elementor-section-height-default\" data-id=\"bcb04a3\" data-element_type=\"section\" data-e-type=\"section\">\n\t\t\t\t\t\t<div class=\"elementor-container elementor-column-gap-default\">\n\t\t\t\t\t<div class=\"elementor-column elementor-col-100 elementor-top-column elementor-element elementor-element-a4abc14\" data-id=\"a4abc14\" data-element_type=\"column\" data-e-type=\"column\">\n\t\t\t<div class=\"elementor-widget-wrap elementor-element-populated\">\n\t\t\t\t\t\t<div class=\"elementor-element elementor-element-0eb1602 elementor-widget elementor-widget-heading\" data-id=\"0eb1602\" data-element_type=\"widget\" data-e-type=\"widget\" data-widget_type=\"heading.default\">\n\t\t\t\t<div class=\"elementor-widget-container\">\n\t\t\t\t\t<h2 class=\"elementor-heading-title elementor-size-default\">Sobre nuestra empresa<\/h2>\t\t\t\t<\/div>\n\t\t\t\t<\/div>\n\t\t\t\t<div class=\"elementor-element elementor-element-8708645 elementor-widget elementor-widget-text-editor\" data-id=\"8708645\" data-element_type=\"widget\" data-e-type=\"widget\" data-widget_type=\"text-editor.default\">\n\t\t\t\t<div class=\"elementor-widget-container\">\n\t\t\t\t\t\t\t\t\tComo empresa, Above IT Oy act\u00faa como asesor de confianza y socio de recursos para los departamentos de sistemas de informaci\u00f3n, ofreciendo servicios de nube gestionada. Por nuestra parte, procuramos asegurar que su departamento de TI pueda responder a las crecientes exigencias en materia de ciberseguridad y protecci\u00f3n de datos. \t\t\t\t\t\t\t\t<\/div>\n\t\t\t\t<\/div>\n\t\t\t\t<div class=\"elementor-element elementor-element-22870c9 elementor-widget elementor-widget-image\" data-id=\"22870c9\" data-element_type=\"widget\" data-e-type=\"widget\" data-widget_type=\"image.default\">\n\t\t\t\t<div class=\"elementor-widget-container\">\n\t\t\t\t\t\t\t\t\t\t\t\t\t\t\t<img fetchpriority=\"high\" decoding=\"async\" width=\"800\" height=\"103\" src=\"https:\/\/aboveit.fi\/wp-content\/uploads\/2024\/10\/partner-logot-1-1024x132-1.png\" class=\"attachment-large size-large wp-image-8200\" alt=\"\" srcset=\"https:\/\/aboveit.fi\/wp-content\/uploads\/2024\/10\/partner-logot-1-1024x132-1.png 1024w, https:\/\/aboveit.fi\/wp-content\/uploads\/2024\/10\/partner-logot-1-1024x132-1-300x39.png 300w, https:\/\/aboveit.fi\/wp-content\/uploads\/2024\/10\/partner-logot-1-1024x132-1-768x99.png 768w\" sizes=\"(max-width: 800px) 100vw, 800px\" \/>\t\t\t\t\t\t\t\t\t\t\t\t\t\t\t<\/div>\n\t\t\t\t<\/div>\n\t\t\t\t\t<\/div>\n\t\t<\/div>\n\t\t\t\t\t<\/div>\n\t\t<\/section>\n\t\t\t\t<\/div>\n\t\t","protected":false},"excerpt":{"rendered":"<p>El sector tecnol\u00f3gico vive una transformaci\u00f3n con el desarrollo de la inteligencia artificial. \u00bfC\u00f3mo se pueden adaptar la ciberseguridad y la protecci\u00f3n de datos a este desarrollo? Above IT agradece a los invitados y socios colaboradores por el exitoso evento. \u00a1El pr\u00f3ximo a\u00f1o repetimos! Afterwork y networking \u00a1Evento de networking Afterwork organizado por Above IT [&hellip;]<\/p>\n","protected":false},"author":1,"featured_media":8859,"parent":0,"menu_order":0,"comment_status":"closed","ping_status":"closed","template":"","meta":{"content-type":"","inline_featured_image":false,"footnotes":""},"class_list":["post-8893","page","type-page","status-publish","has-post-thumbnail","hentry"],"yoast_head":"<!-- This site is optimized with the Yoast SEO plugin v27.5 - https:\/\/yoast.com\/product\/yoast-seo-wordpress\/ -->\n<title>Evento de networking Afterwork para responsables de TI - Above IT Oy<\/title>\n<meta name=\"description\" content=\"\u00a1Evento de networking Afterwork organizado por Above IT para los responsables de TI, bienvenidos cordialmente!\" \/>\n<meta name=\"robots\" content=\"index, follow, max-snippet:-1, max-image-preview:large, max-video-preview:-1\" \/>\n<link rel=\"canonical\" href=\"https:\/\/aboveit.fi\/es\/evento-de-networking-afterwork-para-responsables-de-ti\/\" \/>\n<meta property=\"og:locale\" content=\"es_ES\" \/>\n<meta property=\"og:type\" content=\"article\" \/>\n<meta property=\"og:title\" content=\"Evento de networking Afterwork para responsables de TI - Above IT Oy\" \/>\n<meta property=\"og:description\" content=\"\u00a1Evento de networking Afterwork organizado por Above IT para los responsables de TI, bienvenidos cordialmente!\" \/>\n<meta property=\"og:url\" content=\"https:\/\/aboveit.fi\/es\/evento-de-networking-afterwork-para-responsables-de-ti\/\" \/>\n<meta property=\"og:site_name\" content=\"Above IT Oy\" \/>\n<meta property=\"article:publisher\" content=\"https:\/\/www.facebook.com\/aboveitfi\" \/>\n<meta property=\"article:modified_time\" content=\"2025-11-27T12:02:13+00:00\" \/>\n<meta property=\"og:image\" content=\"https:\/\/aboveit.fi\/wp-content\/uploads\/2024\/10\/Aboveit-meista.jpg\" \/>\n\t<meta property=\"og:image:width\" content=\"1920\" \/>\n\t<meta property=\"og:image:height\" content=\"1280\" \/>\n\t<meta property=\"og:image:type\" content=\"image\/jpeg\" \/>\n<meta name=\"twitter:card\" content=\"summary_large_image\" \/>\n<meta name=\"twitter:label1\" content=\"Tiempo de lectura\" \/>\n\t<meta name=\"twitter:data1\" content=\"2 minutos\" \/>\n<script type=\"application\/ld+json\" class=\"yoast-schema-graph\">{\"@context\":\"https:\\\/\\\/schema.org\",\"@graph\":[{\"@type\":\"WebPage\",\"@id\":\"https:\\\/\\\/aboveit.fi\\\/es\\\/evento-de-networking-afterwork-para-responsables-de-ti\\\/\",\"url\":\"https:\\\/\\\/aboveit.fi\\\/es\\\/evento-de-networking-afterwork-para-responsables-de-ti\\\/\",\"name\":\"Evento de networking Afterwork para responsables de TI - Above IT Oy\",\"isPartOf\":{\"@id\":\"https:\\\/\\\/aboveit.fi\\\/es\\\/#website\"},\"primaryImageOfPage\":{\"@id\":\"https:\\\/\\\/aboveit.fi\\\/es\\\/evento-de-networking-afterwork-para-responsables-de-ti\\\/#primaryimage\"},\"image\":{\"@id\":\"https:\\\/\\\/aboveit.fi\\\/es\\\/evento-de-networking-afterwork-para-responsables-de-ti\\\/#primaryimage\"},\"thumbnailUrl\":\"https:\\\/\\\/aboveit.fi\\\/wp-content\\\/uploads\\\/2024\\\/10\\\/Aboveit-meista.jpg\",\"datePublished\":\"2024-10-16T11:53:31+00:00\",\"dateModified\":\"2025-11-27T12:02:13+00:00\",\"description\":\"\u00a1Evento de networking Afterwork organizado por Above IT para los responsables de TI, bienvenidos cordialmente!\",\"breadcrumb\":{\"@id\":\"https:\\\/\\\/aboveit.fi\\\/es\\\/evento-de-networking-afterwork-para-responsables-de-ti\\\/#breadcrumb\"},\"inLanguage\":\"es\",\"potentialAction\":[{\"@type\":\"ReadAction\",\"target\":[\"https:\\\/\\\/aboveit.fi\\\/es\\\/evento-de-networking-afterwork-para-responsables-de-ti\\\/\"]}]},{\"@type\":\"ImageObject\",\"inLanguage\":\"es\",\"@id\":\"https:\\\/\\\/aboveit.fi\\\/es\\\/evento-de-networking-afterwork-para-responsables-de-ti\\\/#primaryimage\",\"url\":\"https:\\\/\\\/aboveit.fi\\\/wp-content\\\/uploads\\\/2024\\\/10\\\/Aboveit-meista.jpg\",\"contentUrl\":\"https:\\\/\\\/aboveit.fi\\\/wp-content\\\/uploads\\\/2024\\\/10\\\/Aboveit-meista.jpg\",\"width\":1920,\"height\":1280},{\"@type\":\"BreadcrumbList\",\"@id\":\"https:\\\/\\\/aboveit.fi\\\/es\\\/evento-de-networking-afterwork-para-responsables-de-ti\\\/#breadcrumb\",\"itemListElement\":[{\"@type\":\"ListItem\",\"position\":1,\"name\":\"Etusivu\",\"item\":\"https:\\\/\\\/aboveit.fi\\\/es\\\/\"},{\"@type\":\"ListItem\",\"position\":2,\"name\":\"Evento de networking Afterwork para responsables de TI\"}]},{\"@type\":\"WebSite\",\"@id\":\"https:\\\/\\\/aboveit.fi\\\/es\\\/#website\",\"url\":\"https:\\\/\\\/aboveit.fi\\\/es\\\/\",\"name\":\"We Are Above IT\",\"description\":\"Tietohallinnon voimavarakumppani\",\"publisher\":{\"@id\":\"https:\\\/\\\/aboveit.fi\\\/es\\\/#organization\"},\"potentialAction\":[{\"@type\":\"SearchAction\",\"target\":{\"@type\":\"EntryPoint\",\"urlTemplate\":\"https:\\\/\\\/aboveit.fi\\\/es\\\/?s={search_term_string}\"},\"query-input\":{\"@type\":\"PropertyValueSpecification\",\"valueRequired\":true,\"valueName\":\"search_term_string\"}}],\"inLanguage\":\"es\"},{\"@type\":\"Organization\",\"@id\":\"https:\\\/\\\/aboveit.fi\\\/es\\\/#organization\",\"name\":\"Above IT Oy\",\"url\":\"https:\\\/\\\/aboveit.fi\\\/es\\\/\",\"logo\":{\"@type\":\"ImageObject\",\"inLanguage\":\"es\",\"@id\":\"https:\\\/\\\/aboveit.fi\\\/es\\\/#\\\/schema\\\/logo\\\/image\\\/\",\"url\":\"https:\\\/\\\/aboveit.fi\\\/wp-content\\\/uploads\\\/2024\\\/10\\\/aboveIT-logo.png\",\"contentUrl\":\"https:\\\/\\\/aboveit.fi\\\/wp-content\\\/uploads\\\/2024\\\/10\\\/aboveIT-logo.png\",\"width\":1613,\"height\":383,\"caption\":\"Above IT Oy\"},\"image\":{\"@id\":\"https:\\\/\\\/aboveit.fi\\\/es\\\/#\\\/schema\\\/logo\\\/image\\\/\"},\"sameAs\":[\"https:\\\/\\\/www.facebook.com\\\/aboveitfi\",\"https:\\\/\\\/www.linkedin.com\\\/company\\\/aboveitfi\",\"https:\\\/\\\/instagram.com\\\/aboveitfi\"]}]}<\/script>\n<!-- \/ Yoast SEO plugin. -->","yoast_head_json":{"title":"Evento de networking Afterwork para responsables de TI - Above IT Oy","description":"\u00a1Evento de networking Afterwork organizado por Above IT para los responsables de TI, bienvenidos cordialmente!","robots":{"index":"index","follow":"follow","max-snippet":"max-snippet:-1","max-image-preview":"max-image-preview:large","max-video-preview":"max-video-preview:-1"},"canonical":"https:\/\/aboveit.fi\/es\/evento-de-networking-afterwork-para-responsables-de-ti\/","og_locale":"es_ES","og_type":"article","og_title":"Evento de networking Afterwork para responsables de TI - Above IT Oy","og_description":"\u00a1Evento de networking Afterwork organizado por Above IT para los responsables de TI, bienvenidos cordialmente!","og_url":"https:\/\/aboveit.fi\/es\/evento-de-networking-afterwork-para-responsables-de-ti\/","og_site_name":"Above IT Oy","article_publisher":"https:\/\/www.facebook.com\/aboveitfi","article_modified_time":"2025-11-27T12:02:13+00:00","og_image":[{"width":1920,"height":1280,"url":"https:\/\/aboveit.fi\/wp-content\/uploads\/2024\/10\/Aboveit-meista.jpg","type":"image\/jpeg"}],"twitter_card":"summary_large_image","twitter_misc":{"Tiempo de lectura":"2 minutos"},"schema":{"@context":"https:\/\/schema.org","@graph":[{"@type":"WebPage","@id":"https:\/\/aboveit.fi\/es\/evento-de-networking-afterwork-para-responsables-de-ti\/","url":"https:\/\/aboveit.fi\/es\/evento-de-networking-afterwork-para-responsables-de-ti\/","name":"Evento de networking Afterwork para responsables de TI - Above IT Oy","isPartOf":{"@id":"https:\/\/aboveit.fi\/es\/#website"},"primaryImageOfPage":{"@id":"https:\/\/aboveit.fi\/es\/evento-de-networking-afterwork-para-responsables-de-ti\/#primaryimage"},"image":{"@id":"https:\/\/aboveit.fi\/es\/evento-de-networking-afterwork-para-responsables-de-ti\/#primaryimage"},"thumbnailUrl":"https:\/\/aboveit.fi\/wp-content\/uploads\/2024\/10\/Aboveit-meista.jpg","datePublished":"2024-10-16T11:53:31+00:00","dateModified":"2025-11-27T12:02:13+00:00","description":"\u00a1Evento de networking Afterwork organizado por Above IT para los responsables de TI, bienvenidos cordialmente!","breadcrumb":{"@id":"https:\/\/aboveit.fi\/es\/evento-de-networking-afterwork-para-responsables-de-ti\/#breadcrumb"},"inLanguage":"es","potentialAction":[{"@type":"ReadAction","target":["https:\/\/aboveit.fi\/es\/evento-de-networking-afterwork-para-responsables-de-ti\/"]}]},{"@type":"ImageObject","inLanguage":"es","@id":"https:\/\/aboveit.fi\/es\/evento-de-networking-afterwork-para-responsables-de-ti\/#primaryimage","url":"https:\/\/aboveit.fi\/wp-content\/uploads\/2024\/10\/Aboveit-meista.jpg","contentUrl":"https:\/\/aboveit.fi\/wp-content\/uploads\/2024\/10\/Aboveit-meista.jpg","width":1920,"height":1280},{"@type":"BreadcrumbList","@id":"https:\/\/aboveit.fi\/es\/evento-de-networking-afterwork-para-responsables-de-ti\/#breadcrumb","itemListElement":[{"@type":"ListItem","position":1,"name":"Etusivu","item":"https:\/\/aboveit.fi\/es\/"},{"@type":"ListItem","position":2,"name":"Evento de networking Afterwork para responsables de TI"}]},{"@type":"WebSite","@id":"https:\/\/aboveit.fi\/es\/#website","url":"https:\/\/aboveit.fi\/es\/","name":"We Are Above IT","description":"Tietohallinnon voimavarakumppani","publisher":{"@id":"https:\/\/aboveit.fi\/es\/#organization"},"potentialAction":[{"@type":"SearchAction","target":{"@type":"EntryPoint","urlTemplate":"https:\/\/aboveit.fi\/es\/?s={search_term_string}"},"query-input":{"@type":"PropertyValueSpecification","valueRequired":true,"valueName":"search_term_string"}}],"inLanguage":"es"},{"@type":"Organization","@id":"https:\/\/aboveit.fi\/es\/#organization","name":"Above IT Oy","url":"https:\/\/aboveit.fi\/es\/","logo":{"@type":"ImageObject","inLanguage":"es","@id":"https:\/\/aboveit.fi\/es\/#\/schema\/logo\/image\/","url":"https:\/\/aboveit.fi\/wp-content\/uploads\/2024\/10\/aboveIT-logo.png","contentUrl":"https:\/\/aboveit.fi\/wp-content\/uploads\/2024\/10\/aboveIT-logo.png","width":1613,"height":383,"caption":"Above IT Oy"},"image":{"@id":"https:\/\/aboveit.fi\/es\/#\/schema\/logo\/image\/"},"sameAs":["https:\/\/www.facebook.com\/aboveitfi","https:\/\/www.linkedin.com\/company\/aboveitfi","https:\/\/instagram.com\/aboveitfi"]}]}},"_links":{"self":[{"href":"https:\/\/aboveit.fi\/es\/wp-json\/wp\/v2\/pages\/8893","targetHints":{"allow":["GET"]}}],"collection":[{"href":"https:\/\/aboveit.fi\/es\/wp-json\/wp\/v2\/pages"}],"about":[{"href":"https:\/\/aboveit.fi\/es\/wp-json\/wp\/v2\/types\/page"}],"author":[{"embeddable":true,"href":"https:\/\/aboveit.fi\/es\/wp-json\/wp\/v2\/users\/1"}],"replies":[{"embeddable":true,"href":"https:\/\/aboveit.fi\/es\/wp-json\/wp\/v2\/comments?post=8893"}],"version-history":[{"count":1,"href":"https:\/\/aboveit.fi\/es\/wp-json\/wp\/v2\/pages\/8893\/revisions"}],"predecessor-version":[{"id":8900,"href":"https:\/\/aboveit.fi\/es\/wp-json\/wp\/v2\/pages\/8893\/revisions\/8900"}],"wp:featuredmedia":[{"embeddable":true,"href":"https:\/\/aboveit.fi\/es\/wp-json\/wp\/v2\/media\/8859"}],"wp:attachment":[{"href":"https:\/\/aboveit.fi\/es\/wp-json\/wp\/v2\/media?parent=8893"}],"curies":[{"name":"wp","href":"https:\/\/api.w.org\/{rel}","templated":true}]}}